{"id":481,"date":"2020-12-15T05:31:29","date_gmt":"2020-12-15T04:31:29","guid":{"rendered":"http:\/\/zsp14gliwice.pl\/pm40\/?page_id=481"},"modified":"2026-03-04T07:36:02","modified_gmt":"2026-03-04T06:36:02","slug":"kadra","status":"publish","type":"page","link":"https:\/\/zsp14gliwice.pl\/pm40\/kadra\/","title":{"rendered":"KADRA"},"content":{"rendered":"<section class=\"wpb-content-wrapper\">[vc_row full_width=&#8221;stretch_row_content_no_spaces&#8221; content_placement=&#8221;middle&#8221; el_class=&#8221;kk-header-banner&#8221;][vc_column][vc_column_text]\n<h1 style=\"text-align: center; margin: 0;\">Kadra<\/h1>\n[\/vc_column_text][\/vc_column][\/vc_row][vc_row equal_height=&#8221;yes&#8221; content_placement=&#8221;middle&#8221; el_class=&#8221;kkRow&#8221; css=&#8221;.vc_custom_1603960233775{padding-right: 10% !important;padding-left: 10% !important;}&#8221;][vc_column width=&#8221;1\/2&#8243;][vc_column_text]\n<h2 style=\"text-align: center;\">mgr Magdalena Paciorek<\/h2>\n<p>Dyrektor, nauczyciel dyplomowany.Absolwentka<span id=\"panel-1154-outerCt\" role=\"presentation\"> Uniwersytetu \u015al\u0105skiego w Katowicach &#8211; Historia\u00a0 studia magisterskie.\u00a0 Informatyka &#8211; studia podyplomowe, Akademia Ekonomiczna w Katowicach; Zarz\u0105dzanie w O\u015bwiacie &#8211; studia podyplomowe, \u015aWSZ w Katowicach.<\/span>[\/vc_column_text][\/vc_column][vc_column width=&#8221;1\/2&#8243;][vc_column_text]\n<h2 style=\"text-align: center;\">mgr Agnieszka Czok<\/h2>\n<p>Wicedyrektor, nauczyciel dyplomowany. Absolwentka Gliwickiej Wy\u017cszej Szko\u0142y Przedsi\u0119biorczo\u015bci w Gliwicach oraz Wy\u017cszej Szko\u0142y Pedagogicznej w Katowicach &#8211; kierunek Edukacja przedszkolna i wczesnoszkolna. Kwalifikacje z zakresu Organizacji i Zarz\u0105dzania O\u015bwiat\u0105. Uko\u0144czone studia podyplomowe na kierunkach:<br \/>\nDiagnoza i terapia pedagogiczna Wy\u017cszej Szko\u0142y Humanistyczno-Ekonomicznej w Brzegu; Integracja Sensoryczna \u2013 certyfikowany terapeuta SI; Instytut Studi\u00f3w Podyplomowych Wy\u017cszej Szko\u0142y Pedagogicznej w Warszawie: Pedagogika specjalna oraz Pedagogika specjalna w zakresie edukacji i rewalidacji os\u00f3b z autyzmem i Zespo\u0142em Aspergera. Uko\u0144czony kurs terapii r\u0119ki, masa\u017cu Shantala oraz kurs doskonalaj\u0105cy pedagoga teatru w ramach \u015al\u0105skiego Laboratorium Pedagogiki Teatru.[\/vc_column_text][\/vc_column][\/vc_row][vc_row css=&#8221;.vc_custom_1608194543873{padding-top: 35px !important;}&#8221;][vc_column][vc_zigzag color=&#8221;pink&#8221; el_width=&#8221;60&#8243;][\/vc_column][\/vc_row][vc_row equal_height=&#8221;yes&#8221; content_placement=&#8221;middle&#8221; el_class=&#8221;kkRow&#8221; css=&#8221;.vc_custom_1603960233775{padding-right: 10% !important;padding-left: 10% !important;}&#8221;][vc_column width=&#8221;1\/2&#8243;][vc_column_text]\n<h2 style=\"text-align: center;\">mgr Ma\u0142gorzata Babiarz<\/h2>\n<p>Nauczyciel dyplomowany, absolwentka Studium Wychowania Przedszkolnego o kierunku Wychowanie przedszkolne i nauczanie pocz\u0105tkowe oraz G\u00f3rno\u015blaskiej Wy\u017cszej Szko\u0142y Pedagogicznej im.Kardyna\u0142a Augusta Hlonda w Mys\u0142owicach na kierunku pedagogika w zakresie pedagogika wczesnoszkolna i wychowanie przedszkolne, licencjonowany trener glottodydaktyki.[\/vc_column_text][\/vc_column][vc_column width=&#8221;1\/2&#8243;][vc_column_text]\n<h2 style=\"text-align: center;\">mgr Ma\u0142gorzata Turek<\/h2>\n<p>Nauczyciel dyplomowany. Absolwentka Kolegium Nauczycielskiego w Gliwicach, studia licencjackie specjalno\u015b\u0107 \u2013 pedagogika specjalna w zakresie rewalidacji przewlekle chorych i kalekich; Wy\u017cszej Szko\u0142y Pedagogicznej w Krakowie, studia magisterskie kierunek \u2013 Pedagogika specjalna w zakresie pedagogiki terapeutycznej oraz Uniwersytetu Wroc\u0142awskiego \u2013 studia podyplomowe kwalifikacyjne dla nauczycieli przedszkoli. Uko\u0144czy\u0142a kurs terapii behawioralnej oraz kurs masa\u017cu d\u017awi\u0119kiem. Terapeuta w ramach wczesnego wspomagania rozwoju dziecka. Uko\u0144czy\u0142a szkolenie trenerskie &#8222;Minimediacje SNO&#8221;.[\/vc_column_text][\/vc_column][\/vc_row][vc_row css=&#8221;.vc_custom_1608194543873{padding-top: 35px !important;}&#8221;][vc_column][vc_zigzag color=&#8221;pink&#8221; el_width=&#8221;60&#8243;][\/vc_column][\/vc_row][vc_row equal_height=&#8221;yes&#8221; content_placement=&#8221;middle&#8221; el_class=&#8221;kkRow&#8221; css=&#8221;.vc_custom_1603960233775{padding-right: 10% !important;padding-left: 10% !important;}&#8221;][vc_column width=&#8221;1\/2&#8243;][vc_column_text]\n<h2 style=\"text-align: center;\">mgr Dorota Czy\u017cykowska<\/h2>\n<p>Nauczyciel dyplomowany. Absolwentka: Kolegium Nauczycielskiego<br \/>\nw Gliwicach, studia licencjackie specjalno\u015b\u0107 \u2013 pedagogika specjalna w zakresie rewalidacji przewlekle chorych i kalekich; Wy\u017cszej Szko\u0142y Pedagogicznej w Krakowie, studia magisterskie kierunek \u2013 pedagogika specjalna w zakresie pedagogiki terapeutycznej oraz Uniwersytetu Wroc\u0142awskiego \u2013 studia podyplomowe kwalifikacyjne dla nauczycieli przedszkoli. Uko\u0144czy\u0142a kurs pedagogiki Marii Montessori, terapii behawioralnej, trenera Sensoplastyki.[\/vc_column_text][\/vc_column][vc_column width=&#8221;1\/2&#8243;][vc_column_text]\n<h2 style=\"text-align: center;\">mgr Anna Bill-Nowak<\/h2>\n<p>nauczyciel dyplomowany, absolwentka Wy\u017cszej Szko\u0142y Edukacji Wczesnoszkolnej w Mys\u0142owicach na kierunku Nauczanie pocz\u0105tkowe i wychowanie przedszkolne z terapi\u0105 pedagogiczn\u0105, Uniwersytetu \u015al\u0105skiego w Katowicach &#8211; studia magisterskie z przygotowaniem pedagogicznym oraz studi\u00f3w podyplomowych Wy\u017cszej Szko\u0142y im. Bogdana Ja\u0144skiego w Zabrzu na kierunku Wspomaganie rozwoju dziecka i wspomaganie rozwoju dziecka z zaburzeniami ze spektrum autyzmu i Zespo\u0142em Aspergera. Terapeuta \u2013 w ramach zaj\u0119\u0107 wczesnego wspomagania rozwoju dziecka. Uko\u0144czy\u0142a kurs Metody Ruchu Rozwijaj\u0105cego W.Sherbone, oraz szkolenie: Trening Umiej\u0119tno\u015bci Spo\u0142ecznych.[\/vc_column_text][\/vc_column][\/vc_row][vc_row css=&#8221;.vc_custom_1608194543873{padding-top: 35px !important;}&#8221;][vc_column][vc_zigzag color=&#8221;pink&#8221; el_width=&#8221;60&#8243;][\/vc_column][\/vc_row][vc_row equal_height=&#8221;yes&#8221; content_placement=&#8221;middle&#8221; el_class=&#8221;kkRow&#8221; css=&#8221;.vc_custom_1603960233775{padding-right: 10% !important;padding-left: 10% !important;}&#8221;][vc_column width=&#8221;1\/2&#8243;][vc_column_text]\n<h2 style=\"text-align: center;\">mgr Alicja Odziomek<\/h2>\n<p>Nauczyciel dyplomowany. Absolwentka Uniwersytetu Opolskiego, studia magisterskie na kierunku: Terapia pedagogiczna z oligofrenopedagogik\u0105. Studia podyplomowe:<br \/>\nEdukacja elementarna \u2013 kszta\u0142cenie zintegrowane i wychowanie przedszkolne. Posiada kwalifikacje z j. angielskiego &#8211; certyfikat Pte General Level 3. Uko\u0144czy\u0142a kurs terapii behawioralnej, metody Ruchu Rozwijaj\u0105cego W. Sherbone oraz metody symultaniczno-sekwencyjnej nauki czytania J. Cieszy\u0144skiej, szkolenie &#8211; Trener Umiej\u0119tno\u015bci Spo\u0142ecznych I i II stopnia.[\/vc_column_text][\/vc_column][vc_column width=&#8221;1\/2&#8243;][vc_column_text]\n<h2 style=\"text-align: center;\">mgr Martyna Cembrzy\u0144ska<\/h2>\n<p>Nauczyciel mianowany, psycholog. Uko\u0144czy\u0142a studia magisterskie na kierunku Psychologia na Uniwersytecie \u015al\u0105skim w Katowicach, specjalno\u015b\u0107 psychologia kliniczna i psychologia wychowawczo \u2013 kliniczna dzieci i m\u0142odzie\u017cy. Studia podyplomowe Oligofrenopedagogika na Uniwersytecie Humanitas w Sosnowcu. Uko\u0144czone studia podyplomowe Logopedia na Uniwersytecie Humanitas w Sosnowcu. Uko\u0144czy\u0142a III modu\u0142owy kurs terapii behawioralnej dzieci i m\u0142odzie\u017cy ze spektrum autyzmu w Centrum Terapii Behawioralnej. Posiada certyfikat uprawniaj\u0105cy do wykorzystania narz\u0119dzia diagnostycznego KORP w diagnozie psychopedagogicznej. Uko\u0144czy\u0142a szkolenie pierwszego stopnia w terapii mutyzmu selektywnego prowadzone przez Centrum Terapii Mutyzmu, Nie\u015bmia\u0142o\u015bci i L\u0119ku w Katowicach.[\/vc_column_text][\/vc_column][\/vc_row][vc_row css=&#8221;.vc_custom_1608194543873{padding-top: 35px !important;}&#8221;][vc_column][vc_zigzag color=&#8221;pink&#8221; el_width=&#8221;60&#8243;][\/vc_column][\/vc_row][vc_row equal_height=&#8221;yes&#8221; content_placement=&#8221;middle&#8221; el_class=&#8221;kkRow&#8221; css=&#8221;.vc_custom_1603960233775{padding-right: 10% !important;padding-left: 10% !important;}&#8221;][vc_column width=&#8221;1\/2&#8243;][vc_column_text]\n<h2 style=\"text-align: center;\">Dorota Kuciej<\/h2>\n<p>Nauczyciel mianowany, absolwentka Studium Nauczycielskiego na kierunku Pedagogika Przedszkolna.[\/vc_column_text][\/vc_column][vc_column width=&#8221;1\/2&#8243;][vc_column_text]\n<h2 style=\"text-align: center;\">mgr Dorota Nowicka<\/h2>\n<p>Nauczyciel dyplomowany. Uko\u0144czy\u0142a Uniwersytet \u015al\u0105ski w Katowicach, Wydzia\u0142 Pedagogiki i Psychologii, Pedagogik\u0119 po Kolegium Nauczycielskim w Bytomiu &#8211; wychowanie przedszkolne z muzyk\u0105 Uniwersytet \u015al\u0105ski w Katowicach, Wydzia\u0142 Pedagogiki i Psychologii, Pedagogika wczesnoszkolna. Uko\u0144czone studia podyplomowe: G\u00f3rno\u015bl\u0105ska Wy\u017csza Szko\u0142a Pedagogiczna im. Kard. Augusta Hlonda &#8211; Oligofrenopedagogika i metody korekcyjno-kompensacyjne. Uko\u0144czy\u0142a kurs logorytmiki, kurs terapii r\u0119ki I i II stopnia.[\/vc_column_text][\/vc_column][\/vc_row][vc_row css=&#8221;.vc_custom_1608194543873{padding-top: 35px !important;}&#8221;][vc_column][vc_zigzag color=&#8221;pink&#8221; el_width=&#8221;60&#8243;][\/vc_column][\/vc_row][vc_row equal_height=&#8221;yes&#8221; content_placement=&#8221;middle&#8221; el_class=&#8221;kkRow&#8221; css=&#8221;.vc_custom_1603960233775{padding-right: 10% !important;padding-left: 10% !important;}&#8221;][vc_column width=&#8221;1\/2&#8243;][vc_column_text]\n<h2 style=\"text-align: center;\">mgr Agnieszka Izydorczyk<\/h2>\n<p>Nauczyciel mianowany. Absolwentka Uniwersytetu \u015al\u0105skiego na kierunku Edukacja wczesnoszkolna i wychowanie przedszkolne oraz Wy\u017cszej Szko\u0142y Zawodowej w Raciborzu na kierunku Edukacja elementarna ze specjalno\u015bci\u0105 j\u0119zyk angielski. Uko\u0144czy\u0142a studia podyplomowe z zakresu oligofrenopedagogiki z rewalidacj\u0105 os\u00f3b z g\u0142\u0119bokim upo\u015bledzeniem umys\u0142owym na Akademii Humanistyczno-Ekonomicznej w \u0141odzi. Posiada certyfikat uprawniaj\u0105cy do wykorzystania narz\u0119dzia diagnostycznego KORP w diagnozie psychopedagogicznej, certyfikat KOGS uprawniaj\u0105cy do diagnozowania gotowo\u015bci szkolnej dziecka, certyfikowany terapeuta SI, terapeuta r\u0119ki. Uko\u0144czy\u0142a studia podyplomowe z zakresu wczesnego wspomagania rozwoju dziecka w Wy\u017cszej Szkole Nauk Pedagogicznych w Warszawie. Uko\u0144czy\u0142a kurs \u201cPodstawy prowadzenia zaj\u0119\u0107 jogi dla dzieci i m\u0142odzie\u017cy\u201d oraz kurs \u201cTrener skupienia i technik relaksacyjnych\u201d.[\/vc_column_text][\/vc_column][vc_column width=&#8221;1\/2&#8243;][vc_column_text]\n<h2 style=\"text-align: center;\"><\/h2>\n<h2 style=\"text-align: center;\">mgr Alicja Trembaczowska<\/h2>\n<p><span id=\"panel-1154-outerCt\" role=\"presentation\">Nauczyciel pocz\u0105tkuj\u0105cy. Absolwentka Akademii Wychowania Fizycznego II stopnia kierunek Fizjoterapia, a tak\u017ce G\u00f3rno\u015bl\u0105skiej Wy\u017cszej Szko\u0142y Handlowej kierunek Przygotowanie pedagogiczne, Neurorozwojowa Terapia Dzieci z Dysfunkcjami Uk\u0142adu Nerwowego. Absolwentka Uniwersytetu \u015al\u0105skiego kierunek Logopedia, I i II stopie\u0144 w zakresie Terapii Integracji Sensorycznej PSTIS.<\/span>[\/vc_column_text][\/vc_column][\/vc_row][vc_row css=&#8221;.vc_custom_1608194543873{padding-top: 35px !important;}&#8221;][vc_column][vc_zigzag color=&#8221;pink&#8221; el_width=&#8221;60&#8243;][\/vc_column][\/vc_row][vc_row equal_height=&#8221;yes&#8221; content_placement=&#8221;middle&#8221; el_class=&#8221;kkRow&#8221; css=&#8221;.vc_custom_1603960233775{padding-right: 10% !important;padding-left: 10% !important;}&#8221;][vc_column width=&#8221;1\/2&#8243;][vc_column_text]\n<h2 style=\"text-align: center;\">mgr Ewa Le\u015bniak<\/h2>\n<p>Nauczyciel mianowany, absolwentka Akademii Wychowania Fizycznego w Katowicach na kierunku fizjoterapia oraz przygotowanie pedagogiczne. Uko\u0144czy\u0142a kurs w zakresie korekcji wad postawy oraz terapii r\u0119ki I i II stopnia. Uko\u0144czy\u0142a studia podyplomowe: Wychowanie fizyczne; Edukacja i rehabilitacja os\u00f3b z niepe\u0142nosprawno\u015bci\u0105 intelektualn\u0105 (oligofrenopedagogika); Terapia integracji sensorycznej; Inne szkolenia z zakresu pracy z dzie\u0107mi.[\/vc_column_text][\/vc_column][vc_column width=&#8221;1\/2&#8243;][vc_column_text]\n<h2 style=\"text-align: center;\">mgr Karolina Frydrych<\/h2>\n<p>Nauczyciel kontraktowy w trakcie awansu zawodowego. Absolwentka Uniwersytetu<br \/>\n\u015al\u0105skiego w Katowicach na kierunku Edukacja Wczesnoszkolna i Wychowanie<br \/>\nPrzedszkolne. Uko\u0144czone studia podyplomowe na kierunku Wczesne Wspomaganie<br \/>\nRozwoju Dziecka z Integracj\u0105 Sensoryczn\u0105 oraz Zarz\u0105dzanie w O\u015bwiacie.<br \/>\nCertyfikowany terapeuta r\u0119ki I i II stopnia. Uko\u0144czone szkolenie warsztatowe z zakresu organizacji czasu wolnego pt. Kompleksowy Kurs Animatora Zabaw Dzieci\u0119cych.<br \/>\nUko\u0144czony kurs redukcji stresu &#8211; Mindfulness.[\/vc_column_text][\/vc_column][\/vc_row][vc_row css=&#8221;.vc_custom_1608194543873{padding-top: 35px !important;}&#8221;][vc_column][vc_zigzag color=&#8221;pink&#8221; el_width=&#8221;60&#8243;][\/vc_column][\/vc_row][vc_row equal_height=&#8221;yes&#8221; content_placement=&#8221;middle&#8221; el_class=&#8221;kkRow&#8221; css=&#8221;.vc_custom_1603960233775{padding-right: 10% !important;padding-left: 10% !important;}&#8221;][vc_column width=&#8221;1\/2&#8243;][vc_column_text]\n<h2 style=\"text-align: center;\">mgr Barbara Nowak<\/h2>\n<p>Nauczyciel mianowany w trakcie awansu zawodowego na nauczyciela mianowanego. Studia magisterskie na Akademii Humanitas w Sosnowcu, kierunek Psychoprofilaktyka i terapia rodzin, dzieci i m\u0142odzie\u017cy. Uko\u0144czy\u0142a Pedagogik\u0119 Opieku\u0144czo- Wychowawcz\u0105 z Socjoterapi\u0105 w Wy\u017cszej Szkole Bezpiecze\u0144stwa &#8211; Wydzia\u0142 w Gliwicach. Absolwentka studi\u00f3w podyplomowych: Edukacja i Terapia Os\u00f3b z Zaburzeniami ze Spektrum Autyzmu Wy\u017cszej Szko\u0142y Humanistyczno-Ekonomicznej w Brzegu oraz studi\u00f3w podyplomowych: Edukacja Wczesnoszkolna i Wychowanie Przedszkolne; Terapia Rodzin \u2013 Akademia Humanitas w Sosnowcu. Wczesne Wspomaganie Rozwoju Dziecka, uko\u0144czone w Wy\u017cszej Szkole Biznesu National-Louis University w Nowym S\u0105czu. Certyfikat pierwszego stopnia Terapii Skoncentrowanej na Rozwi\u0105zaniach (TSR). Certyfikowany kurs: Terapia Poznawczo-Behawioralna, Trening Umiej\u0119tno\u015bci Spo\u0142ecznych. Szkolenia: Terapia R\u0119ki oraz \u201ePozytywna Dyscyplina dla nauczycieli szkolnych i przedszkolnych\u201d; \u201eZaburzenia Integracji Sensorycznej\u201d; \u201eJ\u0119zyk \u017byrafy w praktyce szkolnej i przedszkolnej\u201d.[\/vc_column_text][\/vc_column][vc_column width=&#8221;1\/2&#8243;][vc_column_text]\n<h2 style=\"text-align: center;\">mgr Agnieszka Bill<\/h2>\n<p>Nauczyciel dyplomowany, absolwentka Kolegium Nauczycielskiego w Bytomiu na kierunku pedagogika opieku\u0144czo-wychowawcza, Wy\u017cszej Szko\u0142y Pedagogicznej w Warszawie na kierunku pedagogika spo\u0142eczno-opieku\u0144cza, studia podyplomowe w Instytucie Doskonalenia Nauczycieli na kierunku zintegrowana edukacja wczesnoszkolna i przedszkolna. Uko\u0144czy\u0142a kurs Trenera Odysei Umys\u0142u, kurs Mini Mediacji z i mi\u0119dzy dzie\u0107mi, szkolenie NVC raz HIP, kurs instruktora sportu, kurs instruktora samoobrony i sport\u00f3w walki. Uko\u0144czy\u0142a kurs \u201eTrener umiej\u0119tno\u015bci spo\u0142ecznych TUS SSI\u201d. Uko\u0144czy\u0142a studia podyplomowe na kierunku Nauczanie J\u0119zyka Angielskiego w Edukacji Wczesnoszkolnej i Przedszkolnej, Wczesne Wspomaganie Rozwoju z Integracj\u0105 Sensoryczn\u0105 oraz Edukacja I Rehabilitacja Os\u00f3b z Niepe\u0142nosprawno\u015bci\u0105 Intelektualn\u0105 (Oligofrenopedagogika).[\/vc_column_text][\/vc_column][\/vc_row][vc_row css=&#8221;.vc_custom_1608194543873{padding-top: 35px !important;}&#8221;][vc_column][vc_zigzag color=&#8221;pink&#8221; el_width=&#8221;60&#8243;][\/vc_column][\/vc_row][vc_row equal_height=&#8221;yes&#8221; content_placement=&#8221;middle&#8221; el_class=&#8221;kkRow&#8221; css=&#8221;.vc_custom_1603960233775{padding-right: 10% !important;padding-left: 10% !important;}&#8221;][vc_column width=&#8221;1\/2&#8243;][vc_column_text]\n<h2 style=\"text-align: center;\">mgr Klaudia Szymczak<\/h2>\n<p>Nauczyciel mianowany, logopeda. Absolwentka Uniwersytetu \u015al\u0105skiego na kierunku filologia polska oraz studi\u00f3w podyplomowych na kierunku logopedia. Uko\u0144czy\u0142a tak\u017ce Wy\u017csz\u0105 Szko\u0142\u0119 im. Bogdana Ja\u0144skiego w Zabrzu -podyplomowe kwalifikacyjne studia pedagogiczne oraz Gliwick\u0105 Wy\u017csz\u0105 Szko\u0142\u0119 Przedsi\u0119biorczo\u015bci &#8211; edukacja przedszkolna i wczesnoszkolna.[\/vc_column_text][\/vc_column][vc_column width=&#8221;1\/2&#8243;][vc_column_text]\n<h2 style=\"text-align: center;\">mgr Aleksandra Szendzielorz<\/h2>\n<p>Nauczyciel mianowany. Absolwentka Uniwersytetu Jana Kochanowskiego w Kielcach na kierunku edukacja wczesnoszkolna i przedszkolna z nauczaniem j\u0119zyka angielskiego. Uko\u0144czy\u0142a studia podyplomowe na kierunku Tyflopedagogika na Wy\u017cszej Szkole Biznesu i Przedsi\u0119biorczo\u015bci w Ostrowcu \u015awi\u0119tokrzyskim, oraz studia podyplomowe w zakresie Wczesnego Wspomagania Rozwoju Dziecka na Wy\u017cszej Szkole Nauk Pedagogicznych w Warszawie. Uko\u0144czy\u0142a szkolenie z zakresu Treningu Umiej\u0119tno\u015bci Spo\u0142ecznych w Powiatowym Centrum Doskonalenia Nauczycieli w Cieszynie, a tak\u017ce szkolenie &#8222;Pozytywna Dyscyplina dla Nauczycieli&#8221;[\/vc_column_text][\/vc_column][\/vc_row][vc_row css=&#8221;.vc_custom_1608194543873{padding-top: 35px !important;}&#8221;][vc_column][vc_zigzag color=&#8221;pink&#8221; el_width=&#8221;60&#8243;][\/vc_column][\/vc_row][vc_row equal_height=&#8221;yes&#8221; content_placement=&#8221;middle&#8221; el_class=&#8221;kkRow&#8221; css=&#8221;.vc_custom_1603960233775{padding-right: 10% !important;padding-left: 10% !important;}&#8221;][vc_column width=&#8221;1\/2&#8243;][vc_column_text]\n<h2 style=\"text-align: center;\">mgr Anna Jeznacka<\/h2>\n<p>Nauczyciel mianowany, logopeda, absolwentka Akademii Polonijnej w Cz\u0119stochowie &#8211; Filologia angielska specjalno\u015b\u0107 t\u0142umaczeniowa, Gliwickiej Wy\u017cszej Szko\u0142y Przedsi\u0119biorczo\u015bci &#8211; Logopedia, Neurologopedia, Integracja sensoryczna.[\/vc_column_text][\/vc_column][vc_column width=&#8221;1\/2&#8243;][vc_column_text]\n<h2 style=\"text-align: center;\">mgr Natalia Knap<\/h2>\n<p>Nauczyciel mianowany, absolwentka Uniwersytetu \u015al\u0105skiego w Katowicach z zakresu Pedagogiki rewalidacyjnej oraz Uniwersytetu Pedagogicznego w Krakowie w zakresie Pedagogiki wczesnoszkolnej i wychowania przedszkolnego.[\/vc_column_text][\/vc_column][\/vc_row][vc_row css=&#8221;.vc_custom_1608194543873{padding-top: 35px !important;}&#8221;][vc_column][vc_zigzag color=&#8221;pink&#8221; el_width=&#8221;60&#8243;][\/vc_column][\/vc_row][vc_row equal_height=&#8221;yes&#8221; content_placement=&#8221;middle&#8221; el_class=&#8221;kkRow&#8221; css=&#8221;.vc_custom_1603960233775{padding-right: 10% !important;padding-left: 10% !important;}&#8221;][vc_column width=&#8221;1\/2&#8243;][vc_column_text]\n<h2 style=\"text-align: center;\">mgr Wiktoria Serafin<\/h2>\n<p>Nauczyciel mianowany. Absolwentka: Uniwersytetu Opolskiego na kierunku : Pedagogika &#8211; Arteterapia i animacja kultury, Wy\u017cszej Szko\u0142y Pedagogicznej im Janusza Korczaka w Warszawie na kierunku: Pedagogika Wczesnoszkolna i Przedszkolna, Studi\u00f3w Podyplomowych z zakresu : Oligofrenopedagogiki, Zarz\u0105dzania w o\u015bwiacie oraz Studi\u00f3w Terapeutyczno-Diagnostycznych \u2013 Stosowanej Analizy Zachowania w pracy z osobami z zaburzeniami zachowania oraz w spektrum autyzmu. Uko\u0144czy\u0142a certyfikowane szkolenia w zakresie: <u>TUS\u00a0<\/u>&#8211; Trening Umiej\u0119tno\u015bci Spo\u0142ecznych w zakresie pracy z uczeniem z ASD i uczniem w normie rozwojowej<u>, Uprawnienia diagnostyczne\u00a0<\/u> Komunikacja alternatywna PECS,\u00a0<u>VB MAPP<\/u> -ocena, diagnoza i planowanie terapii,\u00a0<u>Uprawnienia diagnostyczne Bateria 5\/6R<\/u>\u00a0\u2013Rozw\u00f3j psychomotoryczny dzieci pi\u0119cio i sze\u015bcioletnich.<\/p>\n[\/vc_column_text][\/vc_column][vc_column width=&#8221;1\/2&#8243;][vc_column_text]\n<h2 style=\"text-align: center;\">mgr Monika Korna<\/h2>\n<p>Nauczyciel pocz\u0105tkuj\u0105cy, absolwentka studi\u00f3w magisterskich na Uniwersytecie Komisji Edukacji Narodowej w Krakowie &#8211; kierunek Pedagogika Przedszkolna i Wczesnoszkolna.[\/vc_column_text][\/vc_column][\/vc_row][vc_row css=&#8221;.vc_custom_1608194543873{padding-top: 35px !important;}&#8221;][vc_column][vc_zigzag color=&#8221;pink&#8221; el_width=&#8221;60&#8243;][\/vc_column][vc_column][\/vc_column][vc_column][\/vc_column][\/vc_row][vc_row css=&#8221;.vc_custom_1608194543873{padding-top: 35px !important;}&#8221;][vc_column][vc_zigzag color=&#8221;pink&#8221; el_width=&#8221;60&#8243;][\/vc_column][vc_column][\/vc_column][\/vc_row][vc_row equal_height=&#8221;yes&#8221; content_placement=&#8221;middle&#8221; el_class=&#8221;kkRow&#8221; css=&#8221;.vc_custom_1603960233775{padding-right: 10% !important;padding-left: 10% !important;}&#8221;][vc_column width=&#8221;1\/2&#8243;][\/vc_column][vc_column width=&#8221;1\/2&#8243;][vc_column_text]\n<h2 style=\"text-align: center;\">Angelika Frohlich<\/h2>\n<p>Nauczyciel kontraktowy. Uko\u0144czy\u0142a studia pierwszego stopnia w Wy\u017cszej Szkole Bezpiecze\u0144stwa w Gliwicach na kierunku Pedagogika opieku\u0144czo &#8211; wychowawcza i Pedagogika resocjalizacyjna. Absolwentka studi\u00f3w podyplomowych na kierunku Pedagogika przedszkolna i wczesnoszkolna.[\/vc_column_text][\/vc_column][\/vc_row][vc_row css=&#8221;.vc_custom_1608194543873{padding-top: 35px !important;}&#8221;][vc_column][vc_zigzag color=&#8221;pink&#8221; el_width=&#8221;60&#8243;][\/vc_column][\/vc_row]\n<\/section>","protected":false},"excerpt":{"rendered":"<p>[vc_row full_width=&#8221;stretch_row_content_no_spaces&#8221; content_placement=&#8221;middle&#8221; el_class=&#8221;kk-header-banner&#8221;][vc_column][vc_column_text] Kadra [\/vc_column_text][\/vc_column][\/vc_row][vc_row equal_height=&#8221;yes&#8221; content_placement=&#8221;middle&#8221; el_class=&#8221;kkRow&#8221; css=&#8221;.vc_custom_1603960233775{padding-right: 10% !important;padding-left: 10% !important;}&#8221;][vc_column width=&#8221;1\/2&#8243;][vc_column_text] mgr Magdalena Paciorek Dyrektor, nauczyciel dyplomowany.Absolwentka Uniwersytetu \u015al\u0105skiego w Katowicach &#8211; Historia\u00a0 studia magisterskie.\u00a0 Informatyka &#8211; studia podyplomowe, Akademia Ekonomiczna w Katowicach; Zarz\u0105dzanie w O\u015bwiacie &#8211; studia podyplomowe, \u015aWSZ w Katowicach.[\/vc_column_text][\/vc_column][vc_column width=&#8221;1\/2&#8243;][vc_column_text] mgr Agnieszka Czok Wicedyrektor, nauczyciel dyplomowany. Absolwentka Gliwickiej Wy\u017cszej Szko\u0142y Przedsi\u0119biorczo\u015bci w Gliwicach &#8230; <\/p>\n<div><a href=\"https:\/\/zsp14gliwice.pl\/pm40\/kadra\/\" class=\"more-link\">Read More<\/a><\/div>\n","protected":false},"author":1,"featured_media":0,"parent":0,"menu_order":0,"comment_status":"closed","ping_status":"closed","template":"template-blank-4.php","meta":{"footnotes":""},"_links":{"self":[{"href":"https:\/\/zsp14gliwice.pl\/pm40\/wp-json\/wp\/v2\/pages\/481"}],"collection":[{"href":"https:\/\/zsp14gliwice.pl\/pm40\/wp-json\/wp\/v2\/pages"}],"about":[{"href":"https:\/\/zsp14gliwice.pl\/pm40\/wp-json\/wp\/v2\/types\/page"}],"author":[{"embeddable":true,"href":"https:\/\/zsp14gliwice.pl\/pm40\/wp-json\/wp\/v2\/users\/1"}],"replies":[{"embeddable":true,"href":"https:\/\/zsp14gliwice.pl\/pm40\/wp-json\/wp\/v2\/comments?post=481"}],"version-history":[{"count":47,"href":"https:\/\/zsp14gliwice.pl\/pm40\/wp-json\/wp\/v2\/pages\/481\/revisions"}],"predecessor-version":[{"id":2944,"href":"https:\/\/zsp14gliwice.pl\/pm40\/wp-json\/wp\/v2\/pages\/481\/revisions\/2944"}],"wp:attachment":[{"href":"https:\/\/zsp14gliwice.pl\/pm40\/wp-json\/wp\/v2\/media?parent=481"}],"curies":[{"name":"wp","href":"https:\/\/api.w.org\/{rel}","templated":true}]}}